{"id":11712,"date":"2025-11-28T20:31:57","date_gmt":"2025-11-28T20:31:57","guid":{"rendered":"https:\/\/www.lupuscanada.org\/vaccin-contre-la-grippe-et-lupus-recommandations-annuelles-sur-le-vaccin-contre-la-grippe-lupus-canada\/"},"modified":"2025-11-30T23:00:32","modified_gmt":"2025-11-30T23:00:32","slug":"vaccin-contre-la-grippe-et-lupus-recommandations-annuelles-sur-le-vaccin-contre-la-grippe-lupus-canada","status":"publish","type":"page","link":"https:\/\/www.lupuscanada.org\/fr\/vaccin-contre-la-grippe-et-lupus-recommandations-annuelles-sur-le-vaccin-contre-la-grippe-lupus-canada\/","title":{"rendered":"Vaccin contre la grippe et lupus : recommandations annuelles sur le vaccin contre la grippe | Lupus Canada"},"content":{"rendered":"<p>[et_pb_section fb_built=\u00a0\u00bb1&Prime; custom_padding_last_edited=\u00a0\u00bbon|desktop\u00a0\u00bb admin_label=\u00a0\u00bbsection\u00a0\u00bb module_class=\u00a0\u00bbrow-middle-banner\u00a0\u00bb _builder_version=\u00a0\u00bb4.27.4&Prime; background_image=\u00a0\u00bbhttps:\/\/www.lupuscanada.org\/wp-content\/uploads\/2025\/11\/Twitter-Posts-6-1-copy-1.png\u00a0\u00bb height=\u00a0\u00bb349px\u00a0\u00bb height_tablet=\u00a0\u00bb470px\u00a0\u00bb height_phone=\u00a0\u00bb470px\u00a0\u00bb height_last_edited=\u00a0\u00bbon|phone\u00a0\u00bb overflow-x=\u00a0\u00bbhidden\u00a0\u00bb overflow-y=\u00a0\u00bbhidden\u00a0\u00bb custom_margin=\u00a0\u00bb0px||0px||false|false\u00a0\u00bb custom_padding=\u00a0\u00bb0px||0px||false|false\u00a0\u00bb custom_padding_tablet=\u00a0\u00bb0px||0px||false|false\u00a0\u00bb custom_padding_phone=\u00a0\u00bb||||false|false\u00a0\u00bb background_last_edited=\u00a0\u00bbon|tablet\u00a0\u00bb background_image_tablet=\u00a0\u00bbhttps:\/\/www.lupuscanada.org\/wp-content\/uploads\/2024\/03\/what-lupsum-mobile-banner.png\u00a0\u00bb background_enable_image_tablet=\u00a0\u00bbon\u00a0\u00bb da_disable_devices=\u00a0\u00bboff|off|off\u00a0\u00bb locked=\u00a0\u00bboff\u00a0\u00bb global_colors_info=\u00a0\u00bb{}\u00a0\u00bb da_is_popup=\u00a0\u00bboff\u00a0\u00bb da_exit_intent=\u00a0\u00bboff\u00a0\u00bb da_has_close=\u00a0\u00bbon\u00a0\u00bb da_alt_close=\u00a0\u00bboff\u00a0\u00bb da_dark_close=\u00a0\u00bboff\u00a0\u00bb da_not_modal=\u00a0\u00bbon\u00a0\u00bb da_is_singular=\u00a0\u00bboff\u00a0\u00bb da_with_loader=\u00a0\u00bboff\u00a0\u00bb da_has_shadow=\u00a0\u00bbon\u00a0\u00bb][et_pb_row admin_label=\u00a0\u00bbrow\u00a0\u00bb _builder_version=\u00a0\u00bb4.22.2&Prime; background_size=\u00a0\u00bbinitial\u00a0\u00bb background_position=\u00a0\u00bbtop_left\u00a0\u00bb background_repeat=\u00a0\u00bbrepeat\u00a0\u00bb width=\u00a0\u00bb90%\u00a0\u00bb width_tablet=\u00a0\u00bb90%\u00a0\u00bb width_phone=\u00a0\u00bb90%\u00a0\u00bb width_last_edited=\u00a0\u00bbon|phone\u00a0\u00bb custom_margin=\u00a0\u00bb0px||0px||false|false\u00a0\u00bb custom_padding=\u00a0\u00bb0px||0px||false|false\u00a0\u00bb global_colors_info=\u00a0\u00bb{}\u00a0\u00bb][et_pb_column type=\u00a0\u00bb4_4&Prime; _builder_version=\u00a0\u00bb4.16&Prime; custom_padding=\u00a0\u00bb|||\u00a0\u00bb global_colors_info=\u00a0\u00bb{}\u00a0\u00bb custom_padding__hover=\u00a0\u00bb|||\u00a0\u00bb][et_pb_text _builder_version=\u00a0\u00bb4.22.2&Prime; _module_preset=\u00a0\u00bbdefault\u00a0\u00bb background_layout=\u00a0\u00bbdark\u00a0\u00bb custom_margin=\u00a0\u00bb0px||0px||false|false\u00a0\u00bb custom_padding=\u00a0\u00bb0px||0px||false|false\u00a0\u00bb text_orientation_tablet=\u00a0\u00bbcenter\u00a0\u00bb text_orientation_phone=\u00a0\u00bbcenter\u00a0\u00bb text_orientation_last_edited=\u00a0\u00bbon|tablet\u00a0\u00bb global_colors_info=\u00a0\u00bb{}\u00a0\u00bb]<\/p>\n<h1><span>Vaccin contre la grippe (vaccin contre la grippe)  <\/span><\/h1>\n<h1><span>et lupus<\/span><\/h1>\n<p>[\/et_pb_text][\/et_pb_column][\/et_pb_row][et_pb_row admin_label=\u00a0\u00bbrow\u00a0\u00bb module_class=\u00a0\u00bbbanner-button-row\u00a0\u00bb _builder_version=\u00a0\u00bb4.22.2&Prime; background_size=\u00a0\u00bbinitial\u00a0\u00bb background_position=\u00a0\u00bbtop_left\u00a0\u00bb background_repeat=\u00a0\u00bbrepeat\u00a0\u00bb positioning=\u00a0\u00bbabsolute\u00a0\u00bb position_origin_a=\u00a0\u00bbbottom_right\u00a0\u00bb horizontal_offset=\u00a0\u00bb0px\u00a0\u00bb width=\u00a0\u00bb100%\u00a0\u00bb width_tablet=\u00a0\u00bb100%\u00a0\u00bb width_phone=\u00a0\u00bb100%\u00a0\u00bb width_last_edited=\u00a0\u00bbon|phone\u00a0\u00bb custom_margin=\u00a0\u00bb0px||0px||false|false\u00a0\u00bb custom_padding=\u00a0\u00bb0px||0px||false|false\u00a0\u00bb global_colors_info=\u00a0\u00bb{}\u00a0\u00bb][et_pb_column type=\u00a0\u00bb4_4&Prime; _builder_version=\u00a0\u00bb4.22.2&Prime; custom_padding=\u00a0\u00bb|||\u00a0\u00bb global_colors_info=\u00a0\u00bb{}\u00a0\u00bb custom_padding__hover=\u00a0\u00bb|||\u00a0\u00bb][et_pb_button button_url=\u00a0\u00bb@ET-DC@eyJkeW5hbWljIjp0cnVlLCJjb250ZW50IjoicG9zdF9saW5rX3VybF9wYWdlIiwic2V0dGluZ3MiOnsicG9zdF9pZCI6IjM2OTYifX0=@\u00a0\u00bb button_text=\u00a0\u00bbTout sur le lupus : Centre de ressources\u00a0\u00bb button_alignment=\u00a0\u00bbright\u00a0\u00bb button_alignment_tablet=\u00a0\u00bbcenter\u00a0\u00bb button_alignment_phone=\u00a0\u00bbcenter\u00a0\u00bb button_alignment_last_edited=\u00a0\u00bbon|phone\u00a0\u00bb module_class=\u00a0\u00bbbanner-btn\u00a0\u00bb _builder_version=\u00a0\u00bb4.24.2&Prime; _dynamic_attributes=\u00a0\u00bbbutton_url\u00a0\u00bb _module_preset=\u00a0\u00bbdefault\u00a0\u00bb positioning=\u00a0\u00bbrelative\u00a0\u00bb position_origin_a=\u00a0\u00bbbottom_right\u00a0\u00bb custom_margin=\u00a0\u00bb||||false|false\u00a0\u00bb global_colors_info=\u00a0\u00bb{}\u00a0\u00bb][\/et_pb_button][\/et_pb_column][\/et_pb_row][\/et_pb_section][et_pb_section fb_built=\u00a0\u00bb1&Prime; specialty=\u00a0\u00bbon\u00a0\u00bb custom_padding_last_edited=\u00a0\u00bbon|phone\u00a0\u00bb padding_top_1=\u00a0\u00bb0px\u00a0\u00bb padding_top_2=\u00a0\u00bb0px\u00a0\u00bb padding_bottom_1=\u00a0\u00bb0px\u00a0\u00bb padding_bottom_2=\u00a0\u00bb0px\u00a0\u00bb padding_top_bottom_link_1=\u00a0\u00bbfalse\u00a0\u00bb padding_top_bottom_link_2=\u00a0\u00bbfalse\u00a0\u00bb padding_left_right_link_1=\u00a0\u00bbfalse\u00a0\u00bb padding_left_right_link_2=\u00a0\u00bbfalse\u00a0\u00bb _builder_version=\u00a0\u00bb4.24.2&Prime; _module_preset=\u00a0\u00bbdefault\u00a0\u00bb width=\u00a0\u00bb100%\u00a0\u00bb width_tablet=\u00a0\u00bb100%\u00a0\u00bb width_phone=\u00a0\u00bb100%\u00a0\u00bb width_last_edited=\u00a0\u00bbon|desktop\u00a0\u00bb module_alignment=\u00a0\u00bbcenter\u00a0\u00bb inner_width=\u00a0\u00bb100%\u00a0\u00bb inner_width_tablet=\u00a0\u00bb100%\u00a0\u00bb inner_width_phone=\u00a0\u00bb100%\u00a0\u00bb inner_width_last_edited=\u00a0\u00bbon|desktop\u00a0\u00bb inner_module_alignment=\u00a0\u00bbcenter\u00a0\u00bb custom_padding=\u00a0\u00bb80px||0px||false|false\u00a0\u00bb custom_padding_tablet=\u00a0\u00bb50px||0px||false|false\u00a0\u00bb custom_padding_phone=\u00a0\u00bb50px||0px||false|false\u00a0\u00bb da_disable_devices=\u00a0\u00bboff|off|off\u00a0\u00bb global_colors_info=\u00a0\u00bb{}\u00a0\u00bb da_is_popup=\u00a0\u00bboff\u00a0\u00bb da_exit_intent=\u00a0\u00bboff\u00a0\u00bb da_has_close=\u00a0\u00bbon\u00a0\u00bb da_alt_close=\u00a0\u00bboff\u00a0\u00bb da_dark_close=\u00a0\u00bboff\u00a0\u00bb da_not_modal=\u00a0\u00bbon\u00a0\u00bb da_is_singular=\u00a0\u00bboff\u00a0\u00bb da_with_loader=\u00a0\u00bboff\u00a0\u00bb da_has_shadow=\u00a0\u00bbon\u00a0\u00bb][et_pb_column type=\u00a0\u00bb1_2&Prime; _builder_version=\u00a0\u00bb4.16&Prime; custom_padding=\u00a0\u00bb|||\u00a0\u00bb global_colors_info=\u00a0\u00bb{}\u00a0\u00bb custom_padding__hover=\u00a0\u00bb|||\u00a0\u00bb][et_pb_text _builder_version=\u00a0\u00bb4.27.4&Prime; _module_preset=\u00a0\u00bbdefault\u00a0\u00bb text_font=\u00a0\u00bbNoto Sans|300|||||||\u00a0\u00bb text_text_color=\u00a0\u00bb#3E005C\u00a0\u00bb text_font_size=\u00a0\u00bb37px\u00a0\u00bb text_line_height=\u00a0\u00bb120%\u00a0\u00bb max_width=\u00a0\u00bb100%\u00a0\u00bb max_width_tablet=\u00a0\u00bb100%\u00a0\u00bb max_width_phone=\u00a0\u00bb100%\u00a0\u00bb max_width_last_edited=\u00a0\u00bbon|desktop\u00a0\u00bb custom_margin=\u00a0\u00bb0px||20px||false|false\u00a0\u00bb custom_padding=\u00a0\u00bb0px||0px||false|false\u00a0\u00bb locked=\u00a0\u00bboff\u00a0\u00bb global_colors_info=\u00a0\u00bb{}\u00a0\u00bb]<\/p>\n<h2><span>Qu\u2019est-ce que la grippe ?<\/span><\/h2>\n<p>[\/et_pb_text][et_pb_blurb image=\u00a0\u00bbhttps:\/\/www.lupuscanada.org\/wp-content\/uploads\/2024\/03\/lupus-icon-purple.png\u00a0\u00bb alt=\u00a0\u00bblupus-ic\u00f4ne-pourpre\u00a0\u00bb icon_placement=\u00a0\u00bbleft\u00a0\u00bb image_icon_width=\u00a0\u00bb45px\u00a0\u00bb content_max_width=\u00a0\u00bb100%\u00a0\u00bb _builder_version=\u00a0\u00bb4.27.4&Prime; _module_preset=\u00a0\u00bbdefault\u00a0\u00bb body_font=\u00a0\u00bbNoto Sans||||||||\u00a0\u00bb body_text_color=\u00a0\u00bb#3E005C\u00a0\u00bb body_font_size=\u00a0\u00bb18px\u00a0\u00bb body_line_height=\u00a0\u00bb150%\u00a0\u00bb image_icon_custom_margin=\u00a0\u00bb|15px|||false|false\u00a0\u00bb custom_margin=\u00a0\u00bb0px||25px||false|false\u00a0\u00bb custom_padding=\u00a0\u00bb0px||0px||false|false\u00a0\u00bb global_colors_info=\u00a0\u00bb{}\u00a0\u00bb]<\/p>\n<p data-start=\"918\" data-end=\"1248\"><strong>La grippe (la grippe) est une maladie respiratoire contagieuse caus\u00e9e par des virus de la grippe qui infectent le nez, la gorge et les poumons.<\/strong>  Elle est plus s\u00e9v\u00e8re et plus durable que le simple rhume. La grippe se propage par des gouttelettes lib\u00e9r\u00e9es lorsqu\u2019une personne infect\u00e9e tousse, \u00e9ternue ou parle, et plus rarement par le contact avec des surfaces contamin\u00e9es. <\/p>\n<p data-start=\"1250\" data-end=\"1630\">En Am\u00e9rique du Nord, la saison grippale atteint g\u00e9n\u00e9ralement son pic entre d\u00e9cembre et f\u00e9vrier. Chaque ann\u00e9e, plusieurs souches circulent. Le vaccin annuel contre la grippe contient <g id=\"gid_0\">des virus grippaux inactiv\u00e9s (tu\u00e9s<\/g>), s\u00e9lectionn\u00e9s en fonction des souches d\u00e9j\u00e0 en circulation et celles qui devraient \u00eatre les plus actives lors de la saison \u00e0 venir. Il prot\u00e8ge g\u00e9n\u00e9ralement contre la grippe A (H1N1 et H3N2) et la grippe B.   <\/p>\n<p>[\/et_pb_blurb][\/et_pb_column][et_pb_column type=\u00a0\u00bb1_2&Prime; specialty_columns=\u00a0\u00bb2&Prime; _builder_version=\u00a0\u00bb4.16&Prime; custom_padding=\u00a0\u00bb|||\u00a0\u00bb global_colors_info=\u00a0\u00bb{}\u00a0\u00bb custom_padding__hover=\u00a0\u00bb|||\u00a0\u00bb][et_pb_row_inner custom_padding_last_edited=\u00a0\u00bbon|desktop\u00a0\u00bb _builder_version=\u00a0\u00bb4.27.4&Prime; _module_preset=\u00a0\u00bbdefault\u00a0\u00bb background_color=\u00a0\u00bb#efecf4&Prime; width=\u00a0\u00bb85%\u00a0\u00bb width_tablet=\u00a0\u00bb100%\u00a0\u00bb width_phone=\u00a0\u00bb100%\u00a0\u00bb width_last_edited=\u00a0\u00bbon|tablet\u00a0\u00bb module_alignment=\u00a0\u00bbright\u00a0\u00bb custom_margin=\u00a0\u00bb0px||0px|0px|true|false\u00a0\u00bb custom_padding=\u00a0\u00bb24px|63px|24px|63px|true|false\u00a0\u00bb custom_padding_tablet=\u00a0\u00bb|50px||50px|false|false\u00a0\u00bb custom_padding_phone=\u00a0\u00bb|20px||20px|false|false\u00a0\u00bb locked=\u00a0\u00bboff\u00a0\u00bb global_colors_info=\u00a0\u00bb{}\u00a0\u00bb][et_pb_column_inner saved_specialty_column_type=\u00a0\u00bb1_2&Prime; _builder_version=\u00a0\u00bb4.22.2&Prime; _module_preset=\u00a0\u00bbdefault\u00a0\u00bb global_colors_info=\u00a0\u00bb{}\u00a0\u00bb][et_pb_text _builder_version=\u00a0\u00bb4.27.4&Prime; _module_preset=\u00a0\u00bbdefault\u00a0\u00bb text_font=\u00a0\u00bbNoto Sans|600|on||||||\u00a0\u00bb text_text_color=\u00a0\u00bb#3E005C\u00a0\u00bb text_font_size=\u00a0\u00bb31px\u00a0\u00bb text_line_height=\u00a0\u00bb120%\u00a0\u00bb custom_margin=\u00a0\u00bb0px||25px||false|false\u00a0\u00bb custom_padding=\u00a0\u00bb0px||0px||false|false\u00a0\u00bb text_font_size_tablet=\u00a0\u00bb28px\u00a0\u00bb text_font_size_phone=\u00a0\u00bb26px\u00a0\u00bb text_font_size_last_edited=\u00a0\u00bbon|phone\u00a0\u00bb locked=\u00a0\u00bboff\u00a0\u00bb global_colors_info=\u00a0\u00bb{}\u00a0\u00bb]<\/p>\n<p>Liens rapides :<\/p>\n<p>[\/et_pb_text][et_pb_text _builder_version=\u00a0\u00bb4.27.4&Prime; _module_preset=\u00a0\u00bbdefault\u00a0\u00bb text_text_color=\u00a0\u00bb#3E005C\u00a0\u00bb text_font_size=\u00a0\u00bb14px\u00a0\u00bb link_font=\u00a0\u00bb||||on||||\u00a0\u00bb quote_font=\u00a0\u00bb||||on||||\u00a0\u00bb locked=\u00a0\u00bboff\u00a0\u00bb global_colors_info=\u00a0\u00bb{}\u00a0\u00bb]<\/p>\n<p><a href=\"https:\/\/www.lupuscanada.org\/fr\/vaccins-et-lupus-ce-que-les-patients-doivent-savoir-lupus-canada\/\"><span>Vaccins et lupus : ce que les patients doivent savoir<\/span><\/a><\/p>\n<p><a href=\"https:\/\/www.lupuscanada.org\/fr\/vaccins-contre-le-lupus-pourquoi-les-vaccins-sont-importants-pour-les-personnes-atteintes-de-lupus-lupus-canada\/\">Pourquoi les vaccins sont importants<\/a><span><\/span><\/p>\n<p><a href=\"https:\/\/www.lupuscanada.org\/vaccines-and-lupus-hpv-vaccine-and-lupus\/\"><span>Vaccin contre le HPV<\/span><\/a><\/p>\n<p><a href=\"https:\/\/www.lupuscanada.org\/fr\/vaccin-contre-le-pneumocoque-et-lupus-protection-contre-la-pneumonie-lupus-canada\/\"><span>Vaccin contre le pneumocoque<\/span><\/a><\/p>\n<p><a href=\"https:\/\/www.lupuscanada.org\/fr\/vaccin-contre-le-zona-et-lupus-lupus-canada\/\"><span>Vaccin contre le zona (Shingrix)<\/span><\/a><\/p>\n<p><a href=\"https:\/\/www.lupuscanada.org\/fr\/vaccin-ror-et-lupus-lupus-canada\/\"><span>Vaccin ROR (rougeole, oreillons, rub\u00e9ole)<\/span><\/a><\/p>\n<p><a href=\"https:\/\/www.lupuscanada.org\/fr\/vaccin-meningocoque-et-lupus-lupus-canada\/\"><span>Vaccin m\u00e9ningocoque<\/span><\/a><\/p>\n<p><a href=\"https:\/\/www.lupuscanada.org\/fr\/vaccin-contre-la-covid-19-et-lupus-les-lupus-canada\/\"><span>Vaccin contre la COVID-19<\/span><\/a><\/p>\n<p><a href=\"https:\/\/www.lupuscanada.org\/fr\/vaccin-contre-le-vrs-et-lupus-les-ce-que-les-patients-doivent-savoir\/\"><span>Vaccin contre le VRS (Virus syncytial respiratoire)<\/span><\/a><\/p>\n<p><a href=\"https:\/\/www.lupuscanada.org\/fr\/vaccin-contre-lhepatite-b-et-lupus-les\/\"><span>Vaccin contre l\u2019h\u00e9patite B (HepB)<\/span><\/a><\/p>\n<p><a href=\"https:\/\/www.lupuscanada.org\/fr\/vaccin-contre-le-tetanos-et-lupus-recommandations-sur-le-td-tdap-et-la-coqueluche-pour-les-patients-atteints-de-les\/\"><span>Vaccins contre le t\u00e9tanos, la dipht\u00e9rie et la coqueluche (Td, Tdap\/DPT)<\/span><\/a><\/p>\n<p>[\/et_pb_text][\/et_pb_column_inner][\/et_pb_row_inner][\/et_pb_column][\/et_pb_section][et_pb_section fb_built=\u00a0\u00bb1&Prime; specialty=\u00a0\u00bbon\u00a0\u00bb custom_padding_last_edited=\u00a0\u00bbon|phone\u00a0\u00bb padding_top_1=\u00a0\u00bb0px\u00a0\u00bb padding_top_2=\u00a0\u00bb0px\u00a0\u00bb padding_bottom_1=\u00a0\u00bb0px\u00a0\u00bb padding_bottom_2=\u00a0\u00bb0px\u00a0\u00bb padding_top_bottom_link_1=\u00a0\u00bbfalse\u00a0\u00bb padding_top_bottom_link_2=\u00a0\u00bbfalse\u00a0\u00bb padding_left_right_link_1=\u00a0\u00bbfalse\u00a0\u00bb padding_left_right_link_2=\u00a0\u00bbfalse\u00a0\u00bb _builder_version=\u00a0\u00bb4.27.4&Prime; _module_preset=\u00a0\u00bbdefault\u00a0\u00bb width=\u00a0\u00bb100%\u00a0\u00bb inner_width=\u00a0\u00bb100%\u00a0\u00bb inner_width_tablet=\u00a0\u00bb100%\u00a0\u00bb inner_width_phone=\u00a0\u00bb100%\u00a0\u00bb inner_width_last_edited=\u00a0\u00bbon|phone\u00a0\u00bb inner_module_alignment=\u00a0\u00bbcenter\u00a0\u00bb custom_padding=\u00a0\u00bb42px||42px||true|false\u00a0\u00bb custom_padding_tablet=\u00a0\u00bb50px||0px||false|false\u00a0\u00bb custom_padding_phone=\u00a0\u00bb50px||0px||false|false\u00a0\u00bb da_disable_devices=\u00a0\u00bboff|off|off\u00a0\u00bb locked=\u00a0\u00bboff\u00a0\u00bb global_colors_info=\u00a0\u00bb{}\u00a0\u00bb da_is_popup=\u00a0\u00bboff\u00a0\u00bb da_exit_intent=\u00a0\u00bboff\u00a0\u00bb da_has_close=\u00a0\u00bbon\u00a0\u00bb da_alt_close=\u00a0\u00bboff\u00a0\u00bb da_dark_close=\u00a0\u00bboff\u00a0\u00bb da_not_modal=\u00a0\u00bbon\u00a0\u00bb da_is_singular=\u00a0\u00bboff\u00a0\u00bb da_with_loader=\u00a0\u00bboff\u00a0\u00bb da_has_shadow=\u00a0\u00bbon\u00a0\u00bb][et_pb_column type=\u00a0\u00bb1_2&Prime; _builder_version=\u00a0\u00bb4.16&Prime; custom_padding=\u00a0\u00bb|||\u00a0\u00bb global_colors_info=\u00a0\u00bb{}\u00a0\u00bb custom_padding__hover=\u00a0\u00bb|||\u00a0\u00bb][et_pb_text _builder_version=\u00a0\u00bb4.27.4&Prime; _module_preset=\u00a0\u00bbdefault\u00a0\u00bb text_font=\u00a0\u00bbNoto Sans|300|||||||\u00a0\u00bb text_text_color=\u00a0\u00bb#3E005C\u00a0\u00bb text_font_size=\u00a0\u00bb37px\u00a0\u00bb text_line_height=\u00a0\u00bb120%\u00a0\u00bb header_2_font_size=\u00a0\u00bb43px\u00a0\u00bb max_width=\u00a0\u00bb89%\u00a0\u00bb max_width_tablet=\u00a0\u00bb100%\u00a0\u00bb max_width_phone=\u00a0\u00bb100%\u00a0\u00bb max_width_last_edited=\u00a0\u00bbon|tablet\u00a0\u00bb custom_margin=\u00a0\u00bb0px||5px||false|false\u00a0\u00bb custom_padding=\u00a0\u00bb0px||0px||false|false\u00a0\u00bb locked=\u00a0\u00bboff\u00a0\u00bb global_colors_info=\u00a0\u00bb{}\u00a0\u00bb]<\/p>\n<h2><span>Pourquoi le vaccin contre la grippe est-il important pour les personnes atteintes de LES ?<\/span><\/h2>\n<p>[\/et_pb_text][et_pb_text _builder_version=\u00a0\u00bb4.27.4&Prime; _module_preset=\u00a0\u00bbdefault\u00a0\u00bb text_text_color=\u00a0\u00bb#3E005C\u00a0\u00bb text_font_size=\u00a0\u00bb22px\u00a0\u00bb text_line_height=\u00a0\u00bb120%\u00a0\u00bb header_3_font_size=\u00a0\u00bb33px\u00a0\u00bb max_width=\u00a0\u00bb100%\u00a0\u00bb max_width_tablet=\u00a0\u00bb100%\u00a0\u00bb max_width_phone=\u00a0\u00bb100%\u00a0\u00bb max_width_last_edited=\u00a0\u00bbon|desktop\u00a0\u00bb custom_margin=\u00a0\u00bb0px||20px||false|false\u00a0\u00bb custom_padding=\u00a0\u00bb0px||0px||false|false\u00a0\u00bb locked=\u00a0\u00bboff\u00a0\u00bb global_colors_info=\u00a0\u00bb{}\u00a0\u00bb]<\/p>\n<p><span>Les personnes atteintes de LES (lupus) et de polyarthrite rhumato\u00efde ont un syst\u00e8me immunitaire affaibli, \u00e0 la fois \u00e0 cause de leur maladie et des m\u00e9dicaments utilis\u00e9s pour la g\u00e9rer. Cela augmente le risque de maladie grave li\u00e9e \u00e0 la grippe. <\/span><\/p>\n<p>[\/et_pb_text][et_pb_text _builder_version=\u00a0\u00bb4.27.4&Prime; _module_preset=\u00a0\u00bbdefault\u00a0\u00bb custom_margin=\u00a0\u00bb0px||15px||false|false\u00a0\u00bb custom_padding=\u00a0\u00bb0px||0px||false|false\u00a0\u00bb locked=\u00a0\u00bboff\u00a0\u00bb global_colors_info=\u00a0\u00bb{}\u00a0\u00bb]<\/p>\n<p data-start=\"2041\" data-end=\"2067\">Les complications peuvent inclure :<\/p>\n<ul data-start=\"2069\" data-end=\"2280\">\n<li data-start=\"2069\" data-end=\"2093\">\n<p data-start=\"2071\" data-end=\"2093\">Sympt\u00f4mes plus s\u00e9v\u00e8res<\/p>\n<\/li>\n<li data-start=\"2094\" data-end=\"2128\">\n<p data-start=\"2096\" data-end=\"2128\">Risque accru d\u2019hospitalisation<\/p>\n<\/li>\n<li data-start=\"2129\" data-end=\"2183\">\n<p data-start=\"2131\" data-end=\"2183\">Risques accrus de pneumonie bact\u00e9rienne secondaire<\/p>\n<\/li>\n<li data-start=\"2184\" data-end=\"2240\">\n<p data-start=\"2186\" data-end=\"2240\">Infections plus fr\u00e9quentes que la population g\u00e9n\u00e9rale<\/p>\n<\/li>\n<li data-start=\"2241\" data-end=\"2280\">\n<p data-start=\"2243\" data-end=\"2280\">Pouss\u00e9es de lupus d\u00e9clench\u00e9es par une infection<\/p>\n<\/li>\n<\/ul>\n<p>[\/et_pb_text][\/et_pb_column][et_pb_column type=\u00a0\u00bb1_2&Prime; specialty_columns=\u00a0\u00bb2&Prime; _builder_version=\u00a0\u00bb4.16&Prime; custom_padding=\u00a0\u00bb|||\u00a0\u00bb global_colors_info=\u00a0\u00bb{}\u00a0\u00bb custom_padding__hover=\u00a0\u00bb|||\u00a0\u00bb][et_pb_row_inner _builder_version=\u00a0\u00bb4.22.2&Prime; _module_preset=\u00a0\u00bbdefault\u00a0\u00bb custom_padding=\u00a0\u00bb0px||0px||false|false\u00a0\u00bb global_colors_info=\u00a0\u00bb{}\u00a0\u00bb][et_pb_column_inner saved_specialty_column_type=\u00a0\u00bb1_2&Prime; _builder_version=\u00a0\u00bb4.22.2&Prime; _module_preset=\u00a0\u00bbdefault\u00a0\u00bb global_colors_info=\u00a0\u00bb{}\u00a0\u00bb][et_pb_image src=\u00a0\u00bbhttps:\/\/www.lupuscanada.org\/wp-content\/uploads\/2025\/11\/Twitter-Posts-6-1-copy-3.png\u00a0\u00bb alt=\u00a0\u00bbUn patient qui parle avec un professionnel de sant\u00e9 au sujet des recommandations contre le vaccin contre la grippe et des recommandations de vaccination.\u00a0\u00bb title_text=\u00a0\u00bbVaccin contre la grippe contre le lupus \u2013 Patient discutant de la vaccination avec un professionnel de sant\u00e9\u00a0\u00bb _builder_version=\u00a0\u00bb4.27.4&Prime; _module_preset=\u00a0\u00bbdefault\u00a0\u00bb width=\u00a0\u00bb79%\u00a0\u00bb module_alignment=\u00a0\u00bbcenter\u00a0\u00bb custom_margin=\u00a0\u00bb0px||0px||false|false\u00a0\u00bb custom_margin_tablet=\u00a0\u00bb0px||||false|false\u00a0\u00bb custom_margin_phone=\u00a0\u00bb0px||||false|false\u00a0\u00bb custom_margin_last_edited=\u00a0\u00bbon|desktop\u00a0\u00bb custom_padding=\u00a0\u00bb0px||0px||false|false\u00a0\u00bb locked=\u00a0\u00bboff\u00a0\u00bb global_colors_info=\u00a0\u00bb{}\u00a0\u00bb][\/et_pb_image][\/et_pb_column_inner][\/et_pb_row_inner][et_pb_row_inner _builder_version=\u00a0\u00bb4.22.2&Prime; _module_preset=\u00a0\u00bbdefault\u00a0\u00bb custom_padding=\u00a0\u00bb40px||0px||false|false\u00a0\u00bb global_colors_info=\u00a0\u00bb{}\u00a0\u00bb][et_pb_column_inner saved_specialty_column_type=\u00a0\u00bb1_2&Prime; _builder_version=\u00a0\u00bb4.22.2&Prime; _module_preset=\u00a0\u00bbdefault\u00a0\u00bb global_colors_info=\u00a0\u00bb{}\u00a0\u00bb][et_pb_text _builder_version=\u00a0\u00bb4.27.4&Prime; _module_preset=\u00a0\u00bbdefault\u00a0\u00bb custom_margin=\u00a0\u00bb0px||0px||false|false\u00a0\u00bb custom_padding=\u00a0\u00bb0px||0px||false|false\u00a0\u00bb locked=\u00a0\u00bboff\u00a0\u00bb global_colors_info=\u00a0\u00bb{}\u00a0\u00bb]<\/p>\n<p><span>Le vaccin contre la grippe peut \u00e9galement r\u00e9duire le risque de certaines infections bact\u00e9riennes pouvant survenir en plus de la grippe, comme la pneumonie secondaire. Pr\u00e9venir la grippe aide \u00e9galement \u00e0 r\u00e9duire le temps manqu\u00e9 au travail et \u00e0 d\u2019autres responsabilit\u00e9s. <\/span><\/p>\n<p>[\/et_pb_text][\/et_pb_column_inner][\/et_pb_row_inner][\/et_pb_column][\/et_pb_section][et_pb_section fb_built=\u00a0\u00bb1&Prime; specialty=\u00a0\u00bbon\u00a0\u00bb custom_padding_last_edited=\u00a0\u00bbon|tablet\u00a0\u00bb padding_top_1=\u00a0\u00bb0px\u00a0\u00bb padding_top_2=\u00a0\u00bb0px\u00a0\u00bb padding_bottom_1=\u00a0\u00bb0px\u00a0\u00bb padding_bottom_2=\u00a0\u00bb0px\u00a0\u00bb padding_top_bottom_link_1=\u00a0\u00bbfalse\u00a0\u00bb padding_top_bottom_link_2=\u00a0\u00bbfalse\u00a0\u00bb padding_left_right_link_1=\u00a0\u00bbfalse\u00a0\u00bb padding_left_right_link_2=\u00a0\u00bbfalse\u00a0\u00bb _builder_version=\u00a0\u00bb4.27.4&Prime; _module_preset=\u00a0\u00bbdefault\u00a0\u00bb width=\u00a0\u00bb100%\u00a0\u00bb inner_width=\u00a0\u00bb100%\u00a0\u00bb inner_width_tablet=\u00a0\u00bb100%\u00a0\u00bb inner_width_phone=\u00a0\u00bb100%\u00a0\u00bb inner_width_last_edited=\u00a0\u00bbon|phone\u00a0\u00bb inner_module_alignment=\u00a0\u00bbcenter\u00a0\u00bb custom_padding=\u00a0\u00bb35px||35px||true|false\u00a0\u00bb custom_padding_tablet=\u00a0\u00bb50px||50px||true|false\u00a0\u00bb custom_padding_phone=\u00a0\u00bb50px||50px||true|false\u00a0\u00bb da_disable_devices=\u00a0\u00bboff|off|off\u00a0\u00bb global_colors_info=\u00a0\u00bb{}\u00a0\u00bb da_is_popup=\u00a0\u00bboff\u00a0\u00bb da_exit_intent=\u00a0\u00bboff\u00a0\u00bb da_has_close=\u00a0\u00bbon\u00a0\u00bb da_alt_close=\u00a0\u00bboff\u00a0\u00bb da_dark_close=\u00a0\u00bboff\u00a0\u00bb da_not_modal=\u00a0\u00bbon\u00a0\u00bb da_is_singular=\u00a0\u00bboff\u00a0\u00bb da_with_loader=\u00a0\u00bboff\u00a0\u00bb da_has_shadow=\u00a0\u00bbon\u00a0\u00bb][et_pb_column type=\u00a0\u00bb1_2&Prime; _builder_version=\u00a0\u00bb4.16&Prime; custom_padding=\u00a0\u00bb|||\u00a0\u00bb global_colors_info=\u00a0\u00bb{}\u00a0\u00bb custom_padding__hover=\u00a0\u00bb|||\u00a0\u00bb][et_pb_text _builder_version=\u00a0\u00bb4.27.4&Prime; _module_preset=\u00a0\u00bbdefault\u00a0\u00bb text_font=\u00a0\u00bbNoto Sans|300|||||||\u00a0\u00bb text_text_color=\u00a0\u00bb#3E005C\u00a0\u00bb text_font_size=\u00a0\u00bb37px\u00a0\u00bb text_line_height=\u00a0\u00bb120%\u00a0\u00bb max_width=\u00a0\u00bb100%\u00a0\u00bb max_width_tablet=\u00a0\u00bb100%\u00a0\u00bb max_width_phone=\u00a0\u00bb100%\u00a0\u00bb max_width_last_edited=\u00a0\u00bbon|desktop\u00a0\u00bb custom_margin=\u00a0\u00bb0px||0px||false|false\u00a0\u00bb custom_padding=\u00a0\u00bb0px||0px||false|false\u00a0\u00bb locked=\u00a0\u00bboff\u00a0\u00bb global_colors_info=\u00a0\u00bb{}\u00a0\u00bb]<\/p>\n<h2><span>Comment pouvons-nous pr\u00e9venir la grippe ?<\/span><\/h2>\n<p>[\/et_pb_text][et_pb_text _builder_version=\u00a0\u00bb4.27.4&Prime; _module_preset=\u00a0\u00bbdefault\u00a0\u00bb text_font=\u00a0\u00bbNoto Sans|600|on||||||\u00a0\u00bb text_text_color=\u00a0\u00bb#3E005C\u00a0\u00bb text_font_size=\u00a0\u00bb31px\u00a0\u00bb text_line_height=\u00a0\u00bb120%\u00a0\u00bb header_3_font=\u00a0\u00bbNoto Sans||||||||\u00a0\u00bb custom_margin=\u00a0\u00bb10px||10px||true|false\u00a0\u00bb custom_padding=\u00a0\u00bb0px||0px||false|false\u00a0\u00bb text_font_size_tablet=\u00a0\u00bb28px\u00a0\u00bb text_font_size_phone=\u00a0\u00bb26px\u00a0\u00bb text_font_size_last_edited=\u00a0\u00bbon|phone\u00a0\u00bb locked=\u00a0\u00bboff\u00a0\u00bb global_colors_info=\u00a0\u00bb{}\u00a0\u00bb]<\/p>\n<h3>Vaccin annuel contre la grippe<\/h3>\n<p>[\/et_pb_text][et_pb_text _builder_version=\u00a0\u00bb4.27.4&Prime; _module_preset=\u00a0\u00bbdefault\u00a0\u00bb text_text_color=\u00a0\u00bb#3E005C\u00a0\u00bb custom_padding=\u00a0\u00bb||1px|||\u00a0\u00bb locked=\u00a0\u00bboff\u00a0\u00bb global_colors_info=\u00a0\u00bb{}\u00a0\u00bb]<\/p>\n<p><span>La fa\u00e7on la plus efficace de pr\u00e9venir la grippe est de recevoir le <\/span><strong data-start=\"2646\" data-end=\"2665\">vaccin annuel contre la grippe<\/strong><span>. Il r\u00e9duit le risque d\u2019infection et aide le syst\u00e8me immunitaire \u00e0 r\u00e9pondre plus efficacement, ce qui entra\u00eene souvent une maladie plus l\u00e9g\u00e8re en cas d\u2019infection.<\/span><\/p>\n<p>[\/et_pb_text][et_pb_text _builder_version=\u00a0\u00bb4.27.4&Prime; _module_preset=\u00a0\u00bbdefault\u00a0\u00bb text_font=\u00a0\u00bbNoto Sans|600|on||||||\u00a0\u00bb text_text_color=\u00a0\u00bb#3E005C\u00a0\u00bb text_font_size=\u00a0\u00bb31px\u00a0\u00bb text_line_height=\u00a0\u00bb120%\u00a0\u00bb header_3_font=\u00a0\u00bbNoto Sans||||||||\u00a0\u00bb custom_margin=\u00a0\u00bb10px||10px||true|false\u00a0\u00bb custom_padding=\u00a0\u00bb0px||0px||false|false\u00a0\u00bb text_font_size_tablet=\u00a0\u00bb28px\u00a0\u00bb text_font_size_phone=\u00a0\u00bb26px\u00a0\u00bb text_font_size_last_edited=\u00a0\u00bbon|phone\u00a0\u00bb locked=\u00a0\u00bboff\u00a0\u00bb global_colors_info=\u00a0\u00bb{}\u00a0\u00bb]<\/p>\n<h3><span>Hygi\u00e8ne et pr\u00e9vention quotidienne<\/span><\/h3>\n<p>[\/et_pb_text][et_pb_text _builder_version=\u00a0\u00bb4.27.4&Prime; _module_preset=\u00a0\u00bbdefault\u00a0\u00bb text_text_color=\u00a0\u00bb#3E005C\u00a0\u00bb custom_padding=\u00a0\u00bb||1px|||\u00a0\u00bb locked=\u00a0\u00bboff\u00a0\u00bb global_colors_info=\u00a0\u00bb{}\u00a0\u00bb]<\/p>\n<p data-start=\"2857\" data-end=\"2893\">D\u2019autres mesures de pr\u00e9vention incluent :<\/p>\n<ul data-start=\"2895\" data-end=\"3174\">\n<li data-start=\"2895\" data-end=\"2927\">\n<p data-start=\"2897\" data-end=\"2927\">Se laver les mains r\u00e9guli\u00e8rement<\/p>\n<\/li>\n<li data-start=\"2928\" data-end=\"2959\">\n<p data-start=\"2930\" data-end=\"2959\">\u00c9viter de toucher votre visage<\/p>\n<\/li>\n<li data-start=\"2960\" data-end=\"3018\">\n<p data-start=\"2962\" data-end=\"3018\">Se couvrir la bouche et le nez en toussant ou en \u00e9ternuant<\/p>\n<\/li>\n<li data-start=\"3019\" data-end=\"3045\">\n<p data-start=\"3021\" data-end=\"3045\">Rester \u00e0 la maison quand on est malade<\/p>\n<\/li>\n<li data-start=\"3046\" data-end=\"3094\">\n<p data-start=\"3048\" data-end=\"3094\">\u00c9viter le contact \u00e9troit avec les personnes malades<\/p>\n<\/li>\n<li data-start=\"3095\" data-end=\"3174\">\n<p data-start=\"3097\" data-end=\"3174\">Porter un masque, surtout si vous prenez des m\u00e9dicaments immunosuppresseurs puissants<\/p>\n<\/li>\n<\/ul>\n<p data-start=\"3176\" data-end=\"3236\">Ces strat\u00e9gies offrent une protection suppl\u00e9mentaire contre la grippe.<\/p>\n<p>&nbsp;<\/p>\n<p>[\/et_pb_text][\/et_pb_column][et_pb_column type=\u00a0\u00bb1_2&Prime; specialty_columns=\u00a0\u00bb2&Prime; _builder_version=\u00a0\u00bb4.16&Prime; custom_padding=\u00a0\u00bb|||\u00a0\u00bb global_colors_info=\u00a0\u00bb{}\u00a0\u00bb custom_padding__hover=\u00a0\u00bb|||\u00a0\u00bb][et_pb_row_inner custom_padding_last_edited=\u00a0\u00bbon|desktop\u00a0\u00bb _builder_version=\u00a0\u00bb4.22.2&Prime; _module_preset=\u00a0\u00bbdefault\u00a0\u00bb background_color=\u00a0\u00bb#efecf4&Prime; width=\u00a0\u00bb85%\u00a0\u00bb width_tablet=\u00a0\u00bb100%\u00a0\u00bb width_phone=\u00a0\u00bb100%\u00a0\u00bb width_last_edited=\u00a0\u00bbon|tablet\u00a0\u00bb module_alignment=\u00a0\u00bbright\u00a0\u00bb custom_margin=\u00a0\u00bb|||0px|false|false\u00a0\u00bb custom_padding=\u00a0\u00bb54px|63px|54px|63px|false|false\u00a0\u00bb custom_padding_tablet=\u00a0\u00bb|50px||50px|false|false\u00a0\u00bb custom_padding_phone=\u00a0\u00bb|20px||20px|false|false\u00a0\u00bb global_colors_info=\u00a0\u00bb{}\u00a0\u00bb][et_pb_column_inner saved_specialty_column_type=\u00a0\u00bb1_2&Prime; _builder_version=\u00a0\u00bb4.22.2&Prime; _module_preset=\u00a0\u00bbdefault\u00a0\u00bb global_colors_info=\u00a0\u00bb{}\u00a0\u00bb][et_pb_text _builder_version=\u00a0\u00bb4.27.4&Prime; _module_preset=\u00a0\u00bbdefault\u00a0\u00bb text_font=\u00a0\u00bbNoto Sans|600|on||||||\u00a0\u00bb text_text_color=\u00a0\u00bb#3E005C\u00a0\u00bb text_font_size=\u00a0\u00bb31px\u00a0\u00bb text_line_height=\u00a0\u00bb120%\u00a0\u00bb header_3_font=\u00a0\u00bbNoto Sans||||||||\u00a0\u00bb header_3_font_size=\u00a0\u00bb33px\u00a0\u00bb custom_margin=\u00a0\u00bb0px||25px||false|false\u00a0\u00bb custom_padding=\u00a0\u00bb0px||0px||false|false\u00a0\u00bb text_font_size_tablet=\u00a0\u00bb28px\u00a0\u00bb text_font_size_phone=\u00a0\u00bb26px\u00a0\u00bb text_font_size_last_edited=\u00a0\u00bbon|phone\u00a0\u00bb locked=\u00a0\u00bboff\u00a0\u00bb global_colors_info=\u00a0\u00bb{}\u00a0\u00bb]<\/p>\n<h3><span>Faut-il faire le vaccin contre la grippe ?<\/span><\/h3>\n<p>[\/et_pb_text][et_pb_text _builder_version=\u00a0\u00bb4.27.4&Prime; _module_preset=\u00a0\u00bbdefault\u00a0\u00bb text_text_color=\u00a0\u00bb#3E005C\u00a0\u00bb custom_padding=\u00a0\u00bb||1px|||\u00a0\u00bb locked=\u00a0\u00bboff\u00a0\u00bb global_colors_info=\u00a0\u00bb{}\u00a0\u00bb]<\/p>\n<p data-start=\"3285\" data-end=\"3494\">Presque tout le monde, en particulier les personnes immunod\u00e9prim\u00e9es, est recommand\u00e9 de recevoir le vaccin annuel contre la grippe. Il est s\u00fbr, rapide et efficace pour r\u00e9duire le risque d\u2019infection et minimiser les sympt\u00f4mes en cas de grippe. <\/p>\n<p data-start=\"3496\" data-end=\"3570\">Le vaccin contre la grippe est \u00e9galement recommand\u00e9 si vous <strong data-start=\"3540\" data-end=\"3569\">\u00eates enceinte ou allaitez<\/strong>.<\/p>\n<p>[\/et_pb_text][\/et_pb_column_inner][\/et_pb_row_inner][et_pb_row_inner custom_padding_last_edited=\u00a0\u00bbon|desktop\u00a0\u00bb _builder_version=\u00a0\u00bb4.22.2&Prime; _module_preset=\u00a0\u00bbdefault\u00a0\u00bb background_color=\u00a0\u00bb#efecf4&Prime; width=\u00a0\u00bb85%\u00a0\u00bb width_tablet=\u00a0\u00bb100%\u00a0\u00bb width_phone=\u00a0\u00bb100%\u00a0\u00bb width_last_edited=\u00a0\u00bbon|tablet\u00a0\u00bb module_alignment=\u00a0\u00bbright\u00a0\u00bb custom_margin=\u00a0\u00bb|||0px|false|false\u00a0\u00bb custom_padding=\u00a0\u00bb54px|63px|54px|63px|false|false\u00a0\u00bb custom_padding_tablet=\u00a0\u00bb|50px||50px|false|false\u00a0\u00bb custom_padding_phone=\u00a0\u00bb|20px||20px|false|false\u00a0\u00bb global_colors_info=\u00a0\u00bb{}\u00a0\u00bb][et_pb_column_inner saved_specialty_column_type=\u00a0\u00bb1_2&Prime; _builder_version=\u00a0\u00bb4.22.2&Prime; _module_preset=\u00a0\u00bbdefault\u00a0\u00bb global_colors_info=\u00a0\u00bb{}\u00a0\u00bb][et_pb_text _builder_version=\u00a0\u00bb4.27.4&Prime; _module_preset=\u00a0\u00bbdefault\u00a0\u00bb text_font=\u00a0\u00bbNoto Sans|600|on||||||\u00a0\u00bb text_text_color=\u00a0\u00bb#3E005C\u00a0\u00bb text_font_size=\u00a0\u00bb31px\u00a0\u00bb text_line_height=\u00a0\u00bb120%\u00a0\u00bb header_3_font=\u00a0\u00bbNoto Sans||||||||\u00a0\u00bb header_3_font_size=\u00a0\u00bb33px\u00a0\u00bb custom_margin=\u00a0\u00bb0px||25px||false|false\u00a0\u00bb custom_padding=\u00a0\u00bb0px||0px||false|false\u00a0\u00bb text_font_size_tablet=\u00a0\u00bb28px\u00a0\u00bb text_font_size_phone=\u00a0\u00bb26px\u00a0\u00bb text_font_size_last_edited=\u00a0\u00bbon|phone\u00a0\u00bb locked=\u00a0\u00bboff\u00a0\u00bb global_colors_info=\u00a0\u00bb{}\u00a0\u00bb]<\/p>\n<h3><span>Dois-je me faire vacciner d\u2019autres fois ?<\/span><\/h3>\n<p>[\/et_pb_text][et_pb_text _builder_version=\u00a0\u00bb4.27.4&Prime; _module_preset=\u00a0\u00bbdefault\u00a0\u00bb text_text_color=\u00a0\u00bb#3E005C\u00a0\u00bb custom_padding=\u00a0\u00bb||1px|||\u00a0\u00bb locked=\u00a0\u00bboff\u00a0\u00bb global_colors_info=\u00a0\u00bb{}\u00a0\u00bb]<\/p>\n<p data-start=\"6311\" data-end=\"6398\"><strong>Oui.<\/strong>  En plus de votre vaccin annuel contre la grippe, il est important de rester \u00e0 jour sur les autres vaccins.<\/p>\n<p data-start=\"6400\" data-end=\"6414\">Il s\u2019agit notamment de :<\/p>\n<ul data-start=\"6416\" data-end=\"6550\">\n<li data-start=\"6416\" data-end=\"6431\">\n<p data-start=\"6418\" data-end=\"6431\">Vaccin contre le HPV<\/p>\n<\/li>\n<li data-start=\"6432\" data-end=\"6463\">\n<p data-start=\"6434\" data-end=\"6463\">Vaccin contre le zona (Shingrix)<\/p>\n<\/li>\n<li data-start=\"6464\" data-end=\"6498\">\n<p data-start=\"6466\" data-end=\"6498\">Vaccins et rappels contre la COVID-19<\/p>\n<\/li>\n<li data-start=\"6499\" data-end=\"6524\">\n<p data-start=\"6501\" data-end=\"6524\">Vaccins contre le pneumocoque<\/p>\n<\/li>\n<li data-start=\"6525\" data-end=\"6550\">\n<p data-start=\"6527\" data-end=\"6550\">Boosters antit\u00e9tanos\/Tdap<\/p>\n<\/li>\n<\/ul>\n<p data-start=\"6552\" data-end=\"6621\"><strong>Suivez les consignes de vaccination selon votre \u00e2ge et votre province ou territoire.<\/strong><\/p>\n<p>[\/et_pb_text][\/et_pb_column_inner][\/et_pb_row_inner][\/et_pb_column][\/et_pb_section][et_pb_section fb_built=\u00a0\u00bb1&Prime; specialty=\u00a0\u00bbon\u00a0\u00bb custom_padding_last_edited=\u00a0\u00bbon|phone\u00a0\u00bb padding_top_1=\u00a0\u00bb0px\u00a0\u00bb padding_top_2=\u00a0\u00bb0px\u00a0\u00bb padding_bottom_1=\u00a0\u00bb0px\u00a0\u00bb padding_bottom_2=\u00a0\u00bb0px\u00a0\u00bb padding_top_bottom_link_1=\u00a0\u00bbfalse\u00a0\u00bb padding_top_bottom_link_2=\u00a0\u00bbfalse\u00a0\u00bb padding_left_right_link_1=\u00a0\u00bbfalse\u00a0\u00bb padding_left_right_link_2=\u00a0\u00bbfalse\u00a0\u00bb _builder_version=\u00a0\u00bb4.24.2&Prime; _module_preset=\u00a0\u00bbdefault\u00a0\u00bb background_image=\u00a0\u00bbhttps:\/\/www.lupuscanada.org\/wp-content\/uploads\/2024\/03\/faq-purple-bg.png\u00a0\u00bb width=\u00a0\u00bb100%\u00a0\u00bb inner_width=\u00a0\u00bb100%\u00a0\u00bb inner_width_tablet=\u00a0\u00bb100%\u00a0\u00bb inner_width_phone=\u00a0\u00bb100%\u00a0\u00bb inner_width_last_edited=\u00a0\u00bbon|phone\u00a0\u00bb inner_module_alignment=\u00a0\u00bbcenter\u00a0\u00bb custom_padding=\u00a0\u00bb80px||80px||true|false\u00a0\u00bb custom_padding_tablet=\u00a0\u00bb50px||50px||true|false\u00a0\u00bb custom_padding_phone=\u00a0\u00bb50px||50px||true|false\u00a0\u00bb da_disable_devices=\u00a0\u00bboff|off|off\u00a0\u00bb locked=\u00a0\u00bboff\u00a0\u00bb global_colors_info=\u00a0\u00bb{}\u00a0\u00bb da_is_popup=\u00a0\u00bboff\u00a0\u00bb da_exit_intent=\u00a0\u00bboff\u00a0\u00bb da_has_close=\u00a0\u00bbon\u00a0\u00bb da_alt_close=\u00a0\u00bboff\u00a0\u00bb da_dark_close=\u00a0\u00bboff\u00a0\u00bb da_not_modal=\u00a0\u00bbon\u00a0\u00bb da_is_singular=\u00a0\u00bboff\u00a0\u00bb da_with_loader=\u00a0\u00bboff\u00a0\u00bb da_has_shadow=\u00a0\u00bbon\u00a0\u00bb][et_pb_column type=\u00a0\u00bb1_2&Prime; _builder_version=\u00a0\u00bb4.16&Prime; custom_padding=\u00a0\u00bb|||\u00a0\u00bb global_colors_info=\u00a0\u00bb{}\u00a0\u00bb custom_padding__hover=\u00a0\u00bb|||\u00a0\u00bb][et_pb_text _builder_version=\u00a0\u00bb4.27.4&Prime; _module_preset=\u00a0\u00bbdefault\u00a0\u00bb text_font=\u00a0\u00bbNoto Sans|600|||||||\u00a0\u00bb text_text_color=\u00a0\u00bb#3E005C\u00a0\u00bb text_font_size=\u00a0\u00bb37px\u00a0\u00bb text_line_height=\u00a0\u00bb120%\u00a0\u00bb background_layout=\u00a0\u00bbdark\u00a0\u00bb max_width=\u00a0\u00bb89%\u00a0\u00bb max_width_tablet=\u00a0\u00bb100%\u00a0\u00bb max_width_phone=\u00a0\u00bb100%\u00a0\u00bb max_width_last_edited=\u00a0\u00bbon|tablet\u00a0\u00bb custom_margin=\u00a0\u00bb0px||20px||false|false\u00a0\u00bb custom_padding=\u00a0\u00bb0px||0px||false|false\u00a0\u00bb locked=\u00a0\u00bboff\u00a0\u00bb global_colors_info=\u00a0\u00bb{}\u00a0\u00bb]<\/p>\n<h2><span>Dois-je arr\u00eater mes m\u00e9dicaments immunosuppresseurs lorsque je recevrai le vaccin contre la grippe ?<\/span><\/h2>\n<p>[\/et_pb_text][et_pb_text _builder_version=\u00a0\u00bb4.27.4&Prime; _module_preset=\u00a0\u00bbdefault\u00a0\u00bb background_layout=\u00a0\u00bbdark\u00a0\u00bb custom_margin=\u00a0\u00bb0px||20px||false|false\u00a0\u00bb custom_padding=\u00a0\u00bb0px||0px||false|false\u00a0\u00bb locked=\u00a0\u00bboff\u00a0\u00bb global_colors_info=\u00a0\u00bb{}\u00a0\u00bb]<\/p>\n<p><span class=\"a_GcMg font-feature-liga-off font-feature-clig-off font-feature-calt-off text-decoration-none text-strikethrough-none\">La majorit\u00e9 des m\u00e9dicaments immunosuppresseurs sont s\u00fbrs \u00e0 prendre pendant le vaccin contre la grippe. L\u2019exception, <strong>le rituximab<\/strong>, peut inhiber l\u2019efficacit\u00e9 du vaccin contre la grippe car il r\u00e9duit la quantit\u00e9 de lymphocytes B, restreignant ainsi une r\u00e9ponse immunitaire humorale, c\u2019est-\u00e0-dire la capacit\u00e9 de votre syst\u00e8me immunitaire \u00e0 produire des anticorps sp\u00e9cifiquement pour lutter contre la grippe. <\/span><span class=\"a_GcMg font-feature-liga-off font-feature-clig-off font-feature-calt-off text-decoration-none text-strikethrough-none white-space-prewrap\"> <\/span><\/p>\n<p>[\/et_pb_text][et_pb_text _builder_version=\u00a0\u00bb4.27.4&Prime; _module_preset=\u00a0\u00bbdefault\u00a0\u00bb background_layout=\u00a0\u00bbdark\u00a0\u00bb custom_margin=\u00a0\u00bb0px||20px||false|false\u00a0\u00bb custom_padding=\u00a0\u00bb0px||0px||false|false\u00a0\u00bb locked=\u00a0\u00bboff\u00a0\u00bb global_colors_info=\u00a0\u00bb{}\u00a0\u00bb]<\/p>\n<p data-start=\"5233\" data-end=\"5259\">Votre m\u00e9decin pourra vous recommander :<\/p>\n<ul data-start=\"5261\" data-end=\"5396\">\n<li data-start=\"5261\" data-end=\"5322\">\n<p data-start=\"5263\" data-end=\"5322\">Synchroniser le traitement du vaccin <strong data-start=\"5283\" data-end=\"5299\">contre la grippe des mois apr\u00e8s<\/strong> une perfusion de rituximab<\/p>\n<\/li>\n<li data-start=\"5323\" data-end=\"5396\">\n<p data-start=\"5325\" data-end=\"5396\">En attendant au <strong data-start=\"5343\" data-end=\"5354\">moins 2 semaines<\/strong> avant la prochaine perfusion, lorsque possible<\/p>\n<\/li>\n<\/ul>\n<p data-start=\"5398\" data-end=\"5461\">Suivez toujours les conseils de votre rhumatologue concernant le moment de la vaccination.<\/p>\n<p>[\/et_pb_text][\/et_pb_column][et_pb_column type=\u00a0\u00bb1_2&Prime; specialty_columns=\u00a0\u00bb2&Prime; _builder_version=\u00a0\u00bb4.16&Prime; custom_padding=\u00a0\u00bb|||\u00a0\u00bb global_colors_info=\u00a0\u00bb{}\u00a0\u00bb custom_padding__hover=\u00a0\u00bb|||\u00a0\u00bb][et_pb_row_inner _builder_version=\u00a0\u00bb4.22.2&Prime; _module_preset=\u00a0\u00bbdefault\u00a0\u00bb custom_padding=\u00a0\u00bb50px||0px||false|false\u00a0\u00bb global_colors_info=\u00a0\u00bb{}\u00a0\u00bb][et_pb_column_inner saved_specialty_column_type=\u00a0\u00bb1_2&Prime; _builder_version=\u00a0\u00bb4.22.2&Prime; _module_preset=\u00a0\u00bbdefault\u00a0\u00bb global_colors_info=\u00a0\u00bb{}\u00a0\u00bb][et_pb_image src=\u00a0\u00bbhttps:\/\/www.lupuscanada.org\/wp-content\/uploads\/2025\/11\/crowdfunding-001.jpg\u00a0\u00bb alt=\u00a0\u00bbV\u00e9rification des faits\u00a0\u00bb title_text=\u00a0\u00bbfinancement participatif 001&Prime; force_fullwidth=\u00a0\u00bbon\u00a0\u00bb _builder_version=\u00a0\u00bb4.27.4&Prime; _module_preset=\u00a0\u00bbdefault\u00a0\u00bb custom_margin=\u00a0\u00bb0px||0px||false|false\u00a0\u00bb custom_margin_tablet=\u00a0\u00bb0px||||false|false\u00a0\u00bb custom_margin_phone=\u00a0\u00bb0px||||false|false\u00a0\u00bb custom_margin_last_edited=\u00a0\u00bbon|desktop\u00a0\u00bb custom_padding=\u00a0\u00bb0px||0px||false|false\u00a0\u00bb locked=\u00a0\u00bboff\u00a0\u00bb global_colors_info=\u00a0\u00bb{}\u00a0\u00bb][\/et_pb_image][\/et_pb_column_inner][\/et_pb_row_inner][\/et_pb_column][\/et_pb_section][et_pb_section fb_built=\u00a0\u00bb1&Prime; custom_padding_last_edited=\u00a0\u00bbon|phone\u00a0\u00bb module_id=\u00a0\u00bblien3&Prime; _builder_version=\u00a0\u00bb4.27.4&Prime; _module_preset=\u00a0\u00bbdefault\u00a0\u00bb background_enable_image=\u00a0\u00bboff\u00a0\u00bb custom_margin=\u00a0\u00bb0px||0px||false|false\u00a0\u00bb custom_margin_tablet=\u00a0\u00bb0px||0px||false|false\u00a0\u00bb custom_margin_phone=\u00a0\u00bb0px||0px||false|false\u00a0\u00bb custom_margin_last_edited=\u00a0\u00bbon|desktop\u00a0\u00bb custom_padding=\u00a0\u00bb80px||80px||true|false\u00a0\u00bb custom_padding_tablet=\u00a0\u00bb50px||50px||true|false\u00a0\u00bb custom_padding_phone=\u00a0\u00bb||||true|false\u00a0\u00bb da_disable_devices=\u00a0\u00bboff|off|off\u00a0\u00bb locked=\u00a0\u00bboff\u00a0\u00bb global_colors_info=\u00a0\u00bb{}\u00a0\u00bb da_is_popup=\u00a0\u00bboff\u00a0\u00bb da_exit_intent=\u00a0\u00bboff\u00a0\u00bb da_has_close=\u00a0\u00bbon\u00a0\u00bb da_alt_close=\u00a0\u00bboff\u00a0\u00bb da_dark_close=\u00a0\u00bboff\u00a0\u00bb da_not_modal=\u00a0\u00bbon\u00a0\u00bb da_is_singular=\u00a0\u00bboff\u00a0\u00bb da_with_loader=\u00a0\u00bboff\u00a0\u00bb da_has_shadow=\u00a0\u00bbon\u00a0\u00bb][et_pb_row custom_padding_last_edited=\u00a0\u00bbon|phone\u00a0\u00bb _builder_version=\u00a0\u00bb4.22.2&Prime; _module_preset=\u00a0\u00bbdefault\u00a0\u00bb width=\u00a0\u00bb100%\u00a0\u00bb width_tablet=\u00a0\u00bb100%\u00a0\u00bb width_phone=\u00a0\u00bb100%\u00a0\u00bb width_last_edited=\u00a0\u00bbon|tablet\u00a0\u00bb module_alignment=\u00a0\u00bbcenter\u00a0\u00bb custom_margin=\u00a0\u00bb0px||0px||false|false\u00a0\u00bb custom_padding=\u00a0\u00bb0px||0px||false|false\u00a0\u00bb custom_padding_tablet=\u00a0\u00bb0px||0px||false|false\u00a0\u00bb custom_padding_phone=\u00a0\u00bb0px||0px||false|false\u00a0\u00bb global_colors_info=\u00a0\u00bb{}\u00a0\u00bb max_width__hover_enabled=\u00a0\u00bbon|desktop\u00a0\u00bb][et_pb_column type=\u00a0\u00bb4_4&Prime; _builder_version=\u00a0\u00bb4.22.2&Prime; _module_preset=\u00a0\u00bbdefault\u00a0\u00bb global_colors_info=\u00a0\u00bb{}\u00a0\u00bb][et_pb_accordion open_toggle_text_color=\u00a0\u00bb#3e005c\u00a0\u00bb open_toggle_background_color=\u00a0\u00bb#FFFFFF\u00a0\u00bb closed_toggle_background_color=\u00a0\u00bb#FFFFFF\u00a0\u00bb toggle_icon=\u00a0\u00bb&#xf078;||fa||900&Prime; icon_color=\u00a0\u00bb#3e005c\u00a0\u00bb module_class=\u00a0\u00bbself-toggle\u00a0\u00bb _builder_version=\u00a0\u00bb4.27.4&Prime; _module_preset=\u00a0\u00bbdefault\u00a0\u00bb toggle_text_color=\u00a0\u00bb#3e005c\u00a0\u00bb toggle_font=\u00a0\u00bb|600|||||||\u00a0\u00bb toggle_font_size=\u00a0\u00bb18px\u00a0\u00bb toggle_line_height=\u00a0\u00bb27px\u00a0\u00bb body_line_height=\u00a0\u00bb150%\u00a0\u00bb custom_margin=\u00a0\u00bb0px||0px||true|false\u00a0\u00bb custom_padding=\u00a0\u00bb10px||10px||true|false\u00a0\u00bb border_radii=\u00a0\u00bbon|6px|6px|6px|6px\u00a0\u00bb border_color_all=\u00a0\u00bb#3e005c\u00a0\u00bb locked=\u00a0\u00bboff\u00a0\u00bb global_colors_info=\u00a0\u00bb{}\u00a0\u00bb toggle_icon__hover_enabled=\u00a0\u00bboff|desktop\u00a0\u00bb][et_pb_accordion_item title=\u00a0\u00bbQue dit Sant\u00e9 Canada \u00e0 propos des vaccins contre la grippe ?\u00a0\u00bb open=\u00a0\u00bbon\u00a0\u00bb _builder_version=\u00a0\u00bb4.27.4&Prime; _module_preset=\u00a0\u00bbdefault\u00a0\u00bb body_font_size=\u00a0\u00bb18px\u00a0\u00bb custom_margin=\u00a0\u00bb10px||10px||true|false\u00a0\u00bb global_colors_info=\u00a0\u00bb{}\u00a0\u00bb toggle_level=\u00a0\u00bbh2&Prime; toggle_font_size=\u00a0\u00bb28px\u00a0\u00bb]<\/p>\n<p class=\"cvGsUA direction-ltr align-start para-style-body\"><span class=\"a_GcMg font-feature-liga-off font-feature-clig-off font-feature-calt-off text-decoration-none text-strikethrough-none\">Sant\u00e9 Canada recommande que des vaccins annuels contre la grippe soient administr\u00e9s aux personnes \u00e0 partir de 6 mois.<\/span><\/p>\n<p class=\"cvGsUA direction-ltr align-start para-style-body\"><span class=\"a_GcMg font-feature-liga-off font-feature-clig-off font-feature-calt-off text-decoration-none text-strikethrough-none\">Il est fortement recommand\u00e9 que les personnes de plus de 65 ans, ainsi que celles ayant un syst\u00e8me immunitaire affaibli, re\u00e7oivent leur vaccin contre la grippe chaque ann\u00e9e. Les personnes \u00e2g\u00e9es de 65 ans ou plus sont recommand\u00e9es de recevoir des vaccins antigrippaux \u00e0 haute dose ou adjuvant\u00e9s, tels que Fluzone High Dose Quadrivalent. Si vous \u00eates un adulte de moins de 65 ans, le vaccin antigrippal habituel utilis\u00e9 est soit le vaccin antigrippal inactiv\u00e9 quadrivalent (QIV), soit le vaccin contre la grippe recombinante (RIV).  <\/span><\/p>\n<p>[\/et_pb_accordion_item][\/et_pb_accordion][et_pb_accordion open_toggle_text_color=\u00a0\u00bb#3e005c\u00a0\u00bb open_toggle_background_color=\u00a0\u00bb#FFFFFF\u00a0\u00bb closed_toggle_background_color=\u00a0\u00bb#FFFFFF\u00a0\u00bb toggle_icon=\u00a0\u00bb&#xf078;||fa||900&Prime; icon_color=\u00a0\u00bb#3e005c\u00a0\u00bb module_class=\u00a0\u00bbself-toggle\u00a0\u00bb _builder_version=\u00a0\u00bb4.27.4&Prime; _module_preset=\u00a0\u00bbdefault\u00a0\u00bb toggle_text_color=\u00a0\u00bb#3e005c\u00a0\u00bb toggle_font=\u00a0\u00bb|600|||||||\u00a0\u00bb toggle_font_size=\u00a0\u00bb18px\u00a0\u00bb toggle_line_height=\u00a0\u00bb27px\u00a0\u00bb body_line_height=\u00a0\u00bb150%\u00a0\u00bb custom_margin=\u00a0\u00bb0px||0px||true|false\u00a0\u00bb custom_padding=\u00a0\u00bb10px||10px||true|false\u00a0\u00bb border_radii=\u00a0\u00bbon|6px|6px|6px|6px\u00a0\u00bb border_color_all=\u00a0\u00bb#3e005c\u00a0\u00bb locked=\u00a0\u00bboff\u00a0\u00bb global_colors_info=\u00a0\u00bb{}\u00a0\u00bb toggle_icon__hover_enabled=\u00a0\u00bboff|desktop\u00a0\u00bb][et_pb_accordion_item title=\u00a0\u00bbLe vaccin contre la grippe va-t-il provoquer une pouss\u00e9e de mon lupus ?\u00a0\u00bb open=\u00a0\u00bbon\u00a0\u00bb _builder_version=\u00a0\u00bb4.27.4&Prime; _module_preset=\u00a0\u00bbdefault\u00a0\u00bb body_font_size=\u00a0\u00bb18px\u00a0\u00bb custom_margin=\u00a0\u00bb10px||10px||true|false\u00a0\u00bb global_colors_info=\u00a0\u00bb{}\u00a0\u00bb toggle_level=\u00a0\u00bbh2&Prime; toggle_font_size=\u00a0\u00bb28px\u00a0\u00bb]<\/p>\n<p class=\"cvGsUA direction-ltr align-start para-style-body\"><span class=\"a_GcMg font-feature-liga-off font-feature-clig-off font-feature-calt-off text-decoration-none text-strikethrough-none\">Bien que vous puissiez remarquer des effets secondaires mineurs du vaccin contre la grippe, il est rare de provoquer une pouss\u00e9e de lupus \u00e0 la suite d\u2019un vaccin. Si votre lupus s\u2019aggrave \u00e0 cause du vaccin contre la grippe, il est important de contacter votre m\u00e9decin. <\/span><span class=\"a_GcMg font-feature-liga-off font-feature-clig-off font-feature-calt-off text-decoration-none text-strikethrough-none\"><\/span><\/p>\n<p>[\/et_pb_accordion_item][\/et_pb_accordion][et_pb_accordion open_toggle_text_color=\u00a0\u00bb#3e005c\u00a0\u00bb open_toggle_background_color=\u00a0\u00bb#FFFFFF\u00a0\u00bb closed_toggle_background_color=\u00a0\u00bb#FFFFFF\u00a0\u00bb toggle_icon=\u00a0\u00bb&#xf078;||fa||900&Prime; icon_color=\u00a0\u00bb#3e005c\u00a0\u00bb module_class=\u00a0\u00bbself-toggle\u00a0\u00bb _builder_version=\u00a0\u00bb4.27.4&Prime; _module_preset=\u00a0\u00bbdefault\u00a0\u00bb toggle_text_color=\u00a0\u00bb#3e005c\u00a0\u00bb toggle_font=\u00a0\u00bb|600|||||||\u00a0\u00bb toggle_font_size=\u00a0\u00bb18px\u00a0\u00bb toggle_line_height=\u00a0\u00bb27px\u00a0\u00bb body_line_height=\u00a0\u00bb150%\u00a0\u00bb custom_margin=\u00a0\u00bb0px||0px||true|false\u00a0\u00bb custom_padding=\u00a0\u00bb10px||10px||true|false\u00a0\u00bb border_radii=\u00a0\u00bbon|6px|6px|6px|6px\u00a0\u00bb border_color_all=\u00a0\u00bb#3e005c\u00a0\u00bb locked=\u00a0\u00bboff\u00a0\u00bb global_colors_info=\u00a0\u00bb{}\u00a0\u00bb toggle_icon__hover_enabled=\u00a0\u00bboff|desktop\u00a0\u00bb][et_pb_accordion_item title=\u00a0\u00bbComment est-on administr\u00e9 le vaccin contre la grippe ?\u00a0\u00bb open=\u00a0\u00bbon\u00a0\u00bb _builder_version=\u00a0\u00bb4.27.4&Prime; _module_preset=\u00a0\u00bbdefault\u00a0\u00bb body_font_size=\u00a0\u00bb18px\u00a0\u00bb custom_margin=\u00a0\u00bb10px||10px||true|false\u00a0\u00bb global_colors_info=\u00a0\u00bb{}\u00a0\u00bb toggle_level=\u00a0\u00bbh2&Prime; toggle_font_size=\u00a0\u00bb28px\u00a0\u00bb]<\/p>\n<p><span>Le vaccin contre la grippe est administr\u00e9 <\/span><strong data-start=\"4485\" data-end=\"4504\">par voie intramusculaire<\/strong><span>  (dans le haut du bras). Le processus est rapide, s\u00fbr et bien tol\u00e9r\u00e9. <\/span><\/p>\n<p>[\/et_pb_accordion_item][et_pb_accordion_item title=\u00a0\u00bbLe vaccin contre la grippe est-il un vaccin vivant ?\u00a0\u00bb _builder_version=\u00a0\u00bb4.27.4&Prime; _module_preset=\u00a0\u00bbdefault\u00a0\u00bb body_font_size=\u00a0\u00bb18px\u00a0\u00bb custom_margin=\u00a0\u00bb10px||10px||true|false\u00a0\u00bb global_colors_info=\u00a0\u00bb{}\u00a0\u00bb toggle_level=\u00a0\u00bbh2&Prime; toggle_font_size=\u00a0\u00bb28px\u00a0\u00bb open=\u00a0\u00bboff\u00a0\u00bb]<\/p>\n<p data-start=\"4625\" data-end=\"4727\">La plupart des vaccins contre la grippe au Canada sont <strong data-start=\"4657\" data-end=\"4672\">inactiv\u00e9s<\/strong> (non vivants) et s\u00fbrs pour les personnes immunod\u00e9prim\u00e9es. Le <strong data-start=\"4733\" data-end=\"4765\">vaccin antigrippal en spray nasal vivant<\/strong> <strong data-start=\"4769\" data-end=\"4788\">n\u2019est pas recommand\u00e9<\/strong> aux personnes sous traitement immunosuppresseur.<\/p>\n<p data-start=\"4831\" data-end=\"4912\">Informez toujours votre professionnel de la vaccination de votre \u00e9tat de sant\u00e9 et de vos m\u00e9dicaments.<\/p>\n<p>[\/et_pb_accordion_item][et_pb_accordion_item title=\u00a0\u00bbQuelle est l\u2019efficacit\u00e9 du vaccin contre la grippe ?\u00a0\u00bb _builder_version=\u00a0\u00bb4.27.4&Prime; _module_preset=\u00a0\u00bbdefault\u00a0\u00bb body_font_size=\u00a0\u00bb18px\u00a0\u00bb custom_margin=\u00a0\u00bb10px||10px||true|false\u00a0\u00bb global_colors_info=\u00a0\u00bb{}\u00a0\u00bb toggle_level=\u00a0\u00bbh2&Prime; toggle_font_size=\u00a0\u00bb28px\u00a0\u00bb open=\u00a0\u00bboff\u00a0\u00bb]<\/p>\n<p data-start=\"5512\" data-end=\"5608\">Le vaccin contre la grippe ne pr\u00e9vient pas tous les cas de grippe en raison des variations de souches circulantes, mais :<\/p>\n<ul data-start=\"5610\" data-end=\"5774\">\n<li data-start=\"5610\" data-end=\"5661\">\n<p data-start=\"5612\" data-end=\"5661\"><strong data-start=\"5612\" data-end=\"5633\">La maladie est plus l\u00e9g\u00e8re<\/strong> chez les personnes vaccin\u00e9es<\/p>\n<\/li>\n<li data-start=\"5662\" data-end=\"5695\">\n<p data-start=\"5664\" data-end=\"5695\">Le risque d\u2019hospitalisation est plus faible<\/p>\n<\/li>\n<li data-start=\"5696\" data-end=\"5725\">\n<p data-start=\"5698\" data-end=\"5725\">Les complications sont r\u00e9duites<\/p>\n<\/li>\n<li data-start=\"5726\" data-end=\"5774\">\n<p data-start=\"5728\" data-end=\"5774\">Les pouss\u00e9es d\u00e9clench\u00e9es par une infection peuvent \u00eatre \u00e9vit\u00e9es<\/p>\n<\/li>\n<\/ul>\n<p data-start=\"5776\" data-end=\"5871\">Pour les personnes atteintes de LES et de polyarthrite rhumato\u00efde, le vaccin contre la grippe constitue une couche de protection importante.<\/p>\n<p>[\/et_pb_accordion_item][et_pb_accordion_item title=\u00a0\u00bbQui ne devrait PAS se faire vacciner contre la grippe ?\u00a0\u00bb _builder_version=\u00a0\u00bb4.27.4&Prime; _module_preset=\u00a0\u00bbdefault\u00a0\u00bb body_font_size=\u00a0\u00bb18px\u00a0\u00bb custom_margin=\u00a0\u00bb10px||10px||true|false\u00a0\u00bb global_colors_info=\u00a0\u00bb{}\u00a0\u00bb toggle_level=\u00a0\u00bbh2&Prime; toggle_font_size=\u00a0\u00bb28px\u00a0\u00bb open=\u00a0\u00bboff\u00a0\u00bb]<\/p>\n<p data-start=\"5924\" data-end=\"5968\"><strong data-start=\"5927\" data-end=\"5934\">Ne recevez<\/strong> pas le vaccin contre la grippe si vous avez :<\/p>\n<ul data-start=\"5970\" data-end=\"6077\">\n<li data-start=\"5970\" data-end=\"6014\">\n<p data-start=\"5972\" data-end=\"6014\">Une allergie s\u00e9v\u00e8re \u00e0 un ingr\u00e9dient vaccinal<\/p>\n<\/li>\n<li data-start=\"6015\" data-end=\"6077\">\n<p data-start=\"6017\" data-end=\"6077\">Ant\u00e9c\u00e9dents de r\u00e9action allergique s\u00e9v\u00e8re \u00e0 un vaccin antigrippal pr\u00e9c\u00e9dent<\/p>\n<\/li>\n<\/ul>\n<p data-start=\"6079\" data-end=\"6209\">Les allergies aux \u0153ufs <strong data-start=\"6097\" data-end=\"6123\">ne sont pas une contre-indication<\/strong> \u2014 la plupart des vaccins contre la grippe ne contiennent que des traces d\u2019ovalbumine, et il existe des options sans \u0153ufs.<\/p>\n<p data-start=\"6211\" data-end=\"6262\">Discutez de toute pr\u00e9occupation avec votre professionnel de sant\u00e9.<\/p>\n<p>[\/et_pb_accordion_item][\/et_pb_accordion][\/et_pb_column][\/et_pb_row][et_pb_row _builder_version=\u00a0\u00bb4.27.4&Prime; _module_preset=\u00a0\u00bbdefault\u00a0\u00bb custom_margin=\u00a0\u00bb14px||14px||true|false\u00a0\u00bb custom_padding=\u00a0\u00bb8px||8px||true|false\u00a0\u00bb global_colors_info=\u00a0\u00bb{}\u00a0\u00bb][et_pb_column type=\u00a0\u00bb4_4&Prime; _builder_version=\u00a0\u00bb4.27.4&Prime; _module_preset=\u00a0\u00bbdefault\u00a0\u00bb global_colors_info=\u00a0\u00bb{}\u00a0\u00bb][et_pb_text _builder_version=\u00a0\u00bb4.27.4&Prime; _module_preset=\u00a0\u00bbdefault\u00a0\u00bb custom_margin=\u00a0\u00bb4px||4px||true|false\u00a0\u00bb global_colors_info=\u00a0\u00bb{}\u00a0\u00bb]<\/p>\n<p><strong data-start=\"313\" data-end=\"325\">Auteurs :<\/strong><span> <\/span><em data-start=\"326\" data-end=\"360\">Daniel Tingey et Docteur Janet Pope<\/em><br data-start=\"360\" data-end=\"363\"><strong data-start=\"363\" data-end=\"372\">Remarque :<\/strong><span> <\/span><em data-start=\"373\" data-end=\"482\">Veuillez consulter votre professionnel de sant\u00e9 ou les autorit\u00e9s sanitaires locales pour obtenir des recommandations vaccinales \u00e0 jour.<\/em><\/p>\n<p>[\/et_pb_text][\/et_pb_column][\/et_pb_row][\/et_pb_section]<\/p>\n","protected":false},"excerpt":{"rendered":"<p>Conseils sur le vaccin contre la grippe et le lupus : d\u00e9couvrez pourquoi les personnes atteintes de lupus devraient recevoir le vaccin annuel contre la grippe, son fonctionnement, les consid\u00e9rations de s\u00e9curit\u00e9 et les moyens de pr\u00e9venir l\u2019infection.<\/p>\n","protected":false},"author":4,"featured_media":0,"parent":0,"menu_order":0,"comment_status":"closed","ping_status":"closed","template":"","meta":{"_acf_changed":false,"_et_pb_use_builder":"on","_et_pb_old_content":"","_et_gb_content_width":"","footnotes":""},"class_list":["post-11712","page","type-page","status-publish","hentry"],"acf":[],"_links":{"self":[{"href":"https:\/\/www.lupuscanada.org\/fr\/wp-json\/wp\/v2\/pages\/11712","targetHints":{"allow":["GET"]}}],"collection":[{"href":"https:\/\/www.lupuscanada.org\/fr\/wp-json\/wp\/v2\/pages"}],"about":[{"href":"https:\/\/www.lupuscanada.org\/fr\/wp-json\/wp\/v2\/types\/page"}],"author":[{"embeddable":true,"href":"https:\/\/www.lupuscanada.org\/fr\/wp-json\/wp\/v2\/users\/4"}],"replies":[{"embeddable":true,"href":"https:\/\/www.lupuscanada.org\/fr\/wp-json\/wp\/v2\/comments?post=11712"}],"version-history":[{"count":0,"href":"https:\/\/www.lupuscanada.org\/fr\/wp-json\/wp\/v2\/pages\/11712\/revisions"}],"wp:attachment":[{"href":"https:\/\/www.lupuscanada.org\/fr\/wp-json\/wp\/v2\/media?parent=11712"}],"curies":[{"name":"wp","href":"https:\/\/api.w.org\/{rel}","templated":true}]}}